{"id":94,"date":"2020-10-14T14:38:37","date_gmt":"2020-10-14T12:38:37","guid":{"rendered":"http:\/\/normandiemaine.cerfrance.fr\/arad2\/?page_id=94"},"modified":"2023-02-10T13:31:28","modified_gmt":"2023-02-10T12:31:28","slug":"actualites-agenda","status":"publish","type":"page","link":"https:\/\/normandiemaine.cerfrance.fr\/arad2\/actualites-agenda\/","title":{"rendered":"Actualit\u00e9s\/Agenda"},"content":{"rendered":"\t\t<div data-elementor-type=\"wp-page\" data-elementor-id=\"94\" class=\"elementor elementor-94\" data-elementor-post-type=\"page\">\n\t\t\t\t\t\t<section class=\"elementor-section elementor-top-section elementor-element elementor-element-1f2a8243 elementor-section-full_width elementor-section-height-default elementor-section-height-default\" data-id=\"1f2a8243\" data-element_type=\"section\" data-e-type=\"section\">\n\t\t\t\t\t\t<div class=\"elementor-container elementor-column-gap-narrow\">\n\t\t\t\t\t<div class=\"elementor-column elementor-col-50 elementor-top-column elementor-element elementor-element-699d56c2\" data-id=\"699d56c2\" data-element_type=\"column\" data-e-type=\"column\">\n\t\t\t<div class=\"elementor-widget-wrap elementor-element-populated\">\n\t\t\t\t\t\t<section class=\"elementor-section elementor-inner-section elementor-element elementor-element-1b2c11cc elementor-section-boxed elementor-section-height-default elementor-section-height-default\" data-id=\"1b2c11cc\" data-element_type=\"section\" data-e-type=\"section\" data-settings=\"{&quot;background_background&quot;:&quot;classic&quot;}\">\n\t\t\t\t\t\t<div class=\"elementor-container elementor-column-gap-default\">\n\t\t\t\t\t<div class=\"elementor-column elementor-col-100 elementor-inner-column elementor-element elementor-element-3eaf203c\" data-id=\"3eaf203c\" data-element_type=\"column\" data-e-type=\"column\" data-settings=\"{&quot;background_background&quot;:&quot;classic&quot;}\">\n\t\t\t<div class=\"elementor-widget-wrap elementor-element-populated\">\n\t\t\t\t\t\t<div class=\"elementor-element elementor-element-35bc7cdb elementor-widget elementor-widget-heading\" data-id=\"35bc7cdb\" data-element_type=\"widget\" data-e-type=\"widget\" data-widget_type=\"heading.default\">\n\t\t\t\t<div class=\"elementor-widget-container\">\n\t\t\t\t\t<h2 class=\"elementor-heading-title elementor-size-default\">Actualit\u00e9s<\/h2>\t\t\t\t<\/div>\n\t\t\t\t<\/div>\n\t\t\t\t\t<\/div>\n\t\t<\/div>\n\t\t\t\t\t<\/div>\n\t\t<\/section>\n\t\t\t\t<section class=\"elementor-section elementor-inner-section elementor-element elementor-element-76bfd197 elementor-section-content-middle elementor-section-boxed elementor-section-height-default elementor-section-height-default\" data-id=\"76bfd197\" data-element_type=\"section\" data-e-type=\"section\" data-settings=\"{&quot;background_background&quot;:&quot;classic&quot;}\">\n\t\t\t\t\t\t<div class=\"elementor-container elementor-column-gap-default\">\n\t\t\t\t\t<div class=\"elementor-column elementor-col-100 elementor-inner-column elementor-element elementor-element-3368d841\" data-id=\"3368d841\" data-element_type=\"column\" data-e-type=\"column\">\n\t\t\t<div class=\"elementor-widget-wrap elementor-element-populated\">\n\t\t\t\t\t\t<div class=\"elementor-element elementor-element-3b8e134c elementor-grid-3 elementor-grid-tablet-2 elementor-grid-mobile-1 elementor-posts--thumbnail-top elementor-posts--show-avatar elementor-card-shadow-yes elementor-posts__hover-gradient elementor-widget elementor-widget-posts\" data-id=\"3b8e134c\" data-element_type=\"widget\" data-e-type=\"widget\" data-settings=\"{&quot;cards_columns&quot;:&quot;3&quot;,&quot;cards_columns_tablet&quot;:&quot;2&quot;,&quot;cards_columns_mobile&quot;:&quot;1&quot;,&quot;cards_row_gap&quot;:{&quot;unit&quot;:&quot;px&quot;,&quot;size&quot;:35,&quot;sizes&quot;:[]},&quot;cards_row_gap_tablet&quot;:{&quot;unit&quot;:&quot;px&quot;,&quot;size&quot;:&quot;&quot;,&quot;sizes&quot;:[]},&quot;cards_row_gap_mobile&quot;:{&quot;unit&quot;:&quot;px&quot;,&quot;size&quot;:&quot;&quot;,&quot;sizes&quot;:[]}}\" data-widget_type=\"posts.cards\">\n\t\t\t\t<div class=\"elementor-widget-container\">\n\t\t\t\t\t\t\t<div class=\"elementor-posts-container elementor-posts elementor-posts--skin-cards elementor-grid\" role=\"list\">\n\t\t\t\t<article class=\"elementor-post elementor-grid-item post-3679 post type-post status-publish format-standard has-post-thumbnail hentry category-changement-climatique category-evaluer-et-attenuer-les-impacts-sur-lagriculture tag-agroecologie tag-changement-climatique tag-plantes tag-sol\" role=\"listitem\">\n\t\t\t<div class=\"elementor-post__card\">\n\t\t\t\t<a class=\"elementor-post__thumbnail__link\" href=\"https:\/\/normandiemaine.cerfrance.fr\/arad2\/plantes-sol-eau-et-climat\/\" tabindex=\"-1\" ><div class=\"elementor-post__thumbnail\"><img fetchpriority=\"high\" decoding=\"async\" width=\"300\" height=\"196\" src=\"https:\/\/i0.wp.com\/normandiemaine.cerfrance.fr\/arad2\/wp-content\/uploads\/sites\/3\/2024\/06\/sol-plante-et-eau.png?fit=300%2C196&amp;ssl=1\" class=\"attachment-medium size-medium wp-image-3688\" alt=\"\" srcset=\"https:\/\/i0.wp.com\/normandiemaine.cerfrance.fr\/arad2\/wp-content\/uploads\/sites\/3\/2024\/06\/sol-plante-et-eau.png?w=514&amp;ssl=1 514w, https:\/\/i0.wp.com\/normandiemaine.cerfrance.fr\/arad2\/wp-content\/uploads\/sites\/3\/2024\/06\/sol-plante-et-eau.png?resize=300%2C196&amp;ssl=1 300w\" sizes=\"(max-width: 300px) 100vw, 300px\" \/><\/div><\/a>\n\t\t\t\t<div class=\"elementor-post__badge\">Changement climatique<\/div>\n\t\t\t\t<div class=\"elementor-post__avatar\">\n\t\t\t<img alt='adeline' src='https:\/\/secure.gravatar.com\/avatar\/8fe9a4af3784fb8d86eb3160163829bc204588912fe300037ac13ab967297da0?s=128&#038;d=mm&#038;r=g' srcset='https:\/\/secure.gravatar.com\/avatar\/8fe9a4af3784fb8d86eb3160163829bc204588912fe300037ac13ab967297da0?s=256&#038;d=mm&#038;r=g 2x' class='avatar avatar-128 photo' height='128' width='128' \/>\t\t<\/div>\n\t\t\t\t<div class=\"elementor-post__text\">\n\t\t\t\t<h3 class=\"elementor-post__title\">\n\t\t\t<a href=\"https:\/\/normandiemaine.cerfrance.fr\/arad2\/plantes-sol-eau-et-climat\/\" >\n\t\t\t\tPlantes, sol, eau et climat\t\t\t<\/a>\n\t\t<\/h3>\n\t\t\t\t<div class=\"elementor-post__excerpt\">\n\t\t\t<p>Travailler avec les plantes, le sol et l&rsquo;eau pour refroidir le climat D\u00e9couvrez l&rsquo;importance des plantes et du sol dans le cycle de l&rsquo;eau et la r\u00e9gulation du climat. La<\/p>\n\t\t<\/div>\n\t\t\n\t\t<a class=\"elementor-post__read-more\" href=\"https:\/\/normandiemaine.cerfrance.fr\/arad2\/plantes-sol-eau-et-climat\/\" aria-label=\"En savoir plus sur Plantes, sol, eau et climat\" tabindex=\"-1\" >\n\t\t\tEn savoir plus \u00bb\t\t<\/a>\n\n\t\t\t\t<\/div>\n\t\t\t\t<div class=\"elementor-post__meta-data\">\n\t\t\t\t\t<span class=\"elementor-post-date\">\n\t\t\t19 juin 2024\t\t<\/span>\n\t\t\t\t<\/div>\n\t\t\t\t\t<\/div>\n\t\t<\/article>\n\t\t\t\t<article class=\"elementor-post elementor-grid-item post-3692 post type-post status-publish format-standard has-post-thumbnail hentry category-changement-climatique tag-agronomie tag-carbone tag-exploitation tag-label-bas-carbone\" role=\"listitem\">\n\t\t\t<div class=\"elementor-post__card\">\n\t\t\t\t<a class=\"elementor-post__thumbnail__link\" href=\"https:\/\/normandiemaine.cerfrance.fr\/arad2\/decarbonation-des-entreprises\/\" tabindex=\"-1\" ><div class=\"elementor-post__thumbnail\"><img decoding=\"async\" width=\"300\" height=\"300\" src=\"https:\/\/i0.wp.com\/normandiemaine.cerfrance.fr\/arad2\/wp-content\/uploads\/sites\/3\/2024\/06\/lable-bas-carbone-cerfrance-energie.png?fit=300%2C300&amp;ssl=1\" class=\"attachment-medium size-medium wp-image-3694\" alt=\"label bas carbone cerfrance energie\" srcset=\"https:\/\/i0.wp.com\/normandiemaine.cerfrance.fr\/arad2\/wp-content\/uploads\/sites\/3\/2024\/06\/lable-bas-carbone-cerfrance-energie.png?w=300&amp;ssl=1 300w, https:\/\/i0.wp.com\/normandiemaine.cerfrance.fr\/arad2\/wp-content\/uploads\/sites\/3\/2024\/06\/lable-bas-carbone-cerfrance-energie.png?resize=150%2C150&amp;ssl=1 150w\" sizes=\"(max-width: 300px) 100vw, 300px\" \/><\/div><\/a>\n\t\t\t\t<div class=\"elementor-post__badge\">Changement climatique<\/div>\n\t\t\t\t<div class=\"elementor-post__avatar\">\n\t\t\t<img alt='Lola' src='https:\/\/secure.gravatar.com\/avatar\/d107c1b0f7f9e6250c6c7f9239b8c025730a0a51e46eebc2e1e6a38220f74e7d?s=128&#038;d=mm&#038;r=g' srcset='https:\/\/secure.gravatar.com\/avatar\/d107c1b0f7f9e6250c6c7f9239b8c025730a0a51e46eebc2e1e6a38220f74e7d?s=256&#038;d=mm&#038;r=g 2x' class='avatar avatar-128 photo' height='128' width='128' \/>\t\t<\/div>\n\t\t\t\t<div class=\"elementor-post__text\">\n\t\t\t\t<h3 class=\"elementor-post__title\">\n\t\t\t<a href=\"https:\/\/normandiemaine.cerfrance.fr\/arad2\/decarbonation-des-entreprises\/\" >\n\t\t\t\tD\u00e9carbonation des entreprises\u00a0\t\t\t<\/a>\n\t\t<\/h3>\n\t\t\t\t<div class=\"elementor-post__excerpt\">\n\t\t\t<p>Cerfrance Energie a pour objectifs de vulgariser les \u00e9nergies renouvelables et d&rsquo;accompagner les entreprises vers la d\u00e9carbonation. <\/p>\n\t\t<\/div>\n\t\t\n\t\t<a class=\"elementor-post__read-more\" href=\"https:\/\/normandiemaine.cerfrance.fr\/arad2\/decarbonation-des-entreprises\/\" aria-label=\"En savoir plus sur D\u00e9carbonation des entreprises\u00a0\" tabindex=\"-1\" >\n\t\t\tEn savoir plus \u00bb\t\t<\/a>\n\n\t\t\t\t<\/div>\n\t\t\t\t<div class=\"elementor-post__meta-data\">\n\t\t\t\t\t<span class=\"elementor-post-date\">\n\t\t\t19 juin 2024\t\t<\/span>\n\t\t\t\t<\/div>\n\t\t\t\t\t<\/div>\n\t\t<\/article>\n\t\t\t\t<article class=\"elementor-post elementor-grid-item post-3653 post type-post status-publish format-standard has-post-thumbnail hentry category-agroecologie tag-agroecologie tag-bien-etre-animal tag-elevage tag-qualite-des-produits\" role=\"listitem\">\n\t\t\t<div class=\"elementor-post__card\">\n\t\t\t\t<a class=\"elementor-post__thumbnail__link\" href=\"https:\/\/normandiemaine.cerfrance.fr\/arad2\/qualite-des-produits-et-pratiques-delevage\/\" tabindex=\"-1\" ><div class=\"elementor-post__thumbnail\"><img decoding=\"async\" width=\"300\" height=\"214\" src=\"https:\/\/i0.wp.com\/normandiemaine.cerfrance.fr\/arad2\/wp-content\/uploads\/sites\/3\/2024\/05\/produits-issus-delevage.png?fit=300%2C214&amp;ssl=1\" class=\"attachment-medium size-medium wp-image-3666\" alt=\"produits issus d&#039;\u00e9levage\" srcset=\"https:\/\/i0.wp.com\/normandiemaine.cerfrance.fr\/arad2\/wp-content\/uploads\/sites\/3\/2024\/05\/produits-issus-delevage.png?w=602&amp;ssl=1 602w, https:\/\/i0.wp.com\/normandiemaine.cerfrance.fr\/arad2\/wp-content\/uploads\/sites\/3\/2024\/05\/produits-issus-delevage.png?resize=300%2C214&amp;ssl=1 300w\" sizes=\"(max-width: 300px) 100vw, 300px\" \/><\/div><\/a>\n\t\t\t\t<div class=\"elementor-post__badge\">Agro\u00e9cologie<\/div>\n\t\t\t\t<div class=\"elementor-post__avatar\">\n\t\t\t<img alt='adeline' src='https:\/\/secure.gravatar.com\/avatar\/8fe9a4af3784fb8d86eb3160163829bc204588912fe300037ac13ab967297da0?s=128&#038;d=mm&#038;r=g' srcset='https:\/\/secure.gravatar.com\/avatar\/8fe9a4af3784fb8d86eb3160163829bc204588912fe300037ac13ab967297da0?s=256&#038;d=mm&#038;r=g 2x' class='avatar avatar-128 photo' height='128' width='128' \/>\t\t<\/div>\n\t\t\t\t<div class=\"elementor-post__text\">\n\t\t\t\t<h3 class=\"elementor-post__title\">\n\t\t\t<a href=\"https:\/\/normandiemaine.cerfrance.fr\/arad2\/qualite-des-produits-et-pratiques-delevage\/\" >\n\t\t\t\tQualit\u00e9 des produits et pratiques d&rsquo;\u00e9levage\t\t\t<\/a>\n\t\t<\/h3>\n\t\t\t\t<div class=\"elementor-post__excerpt\">\n\t\t\t<p>Impact des pratiques d&rsquo;\u00e9levage sur la qualit\u00e9 des produits animaux<\/p>\n\t\t<\/div>\n\t\t\n\t\t<a class=\"elementor-post__read-more\" href=\"https:\/\/normandiemaine.cerfrance.fr\/arad2\/qualite-des-produits-et-pratiques-delevage\/\" aria-label=\"En savoir plus sur Qualit\u00e9 des produits et pratiques d&rsquo;\u00e9levage\" tabindex=\"-1\" >\n\t\t\tEn savoir plus \u00bb\t\t<\/a>\n\n\t\t\t\t<\/div>\n\t\t\t\t<div class=\"elementor-post__meta-data\">\n\t\t\t\t\t<span class=\"elementor-post-date\">\n\t\t\t29 mai 2024\t\t<\/span>\n\t\t\t\t<\/div>\n\t\t\t\t\t<\/div>\n\t\t<\/article>\n\t\t\t\t<article class=\"elementor-post elementor-grid-item post-3631 post type-post status-publish format-standard has-post-thumbnail hentry category-proteger-les-cultures category-reductions-dintrants-en-cultures-et-en-elevage tag-agroecologie tag-agronomie tag-betterave tag-reduction-phytos\" role=\"listitem\">\n\t\t\t<div class=\"elementor-post__card\">\n\t\t\t\t<a class=\"elementor-post__thumbnail__link\" href=\"https:\/\/normandiemaine.cerfrance.fr\/arad2\/jaunisse-de-la-betterave-et-plantes-compagnes\/\" tabindex=\"-1\" ><div class=\"elementor-post__thumbnail\"><img loading=\"lazy\" decoding=\"async\" width=\"300\" height=\"197\" src=\"https:\/\/i0.wp.com\/normandiemaine.cerfrance.fr\/arad2\/wp-content\/uploads\/sites\/3\/2024\/05\/betterave.png?fit=300%2C197&amp;ssl=1\" class=\"attachment-medium size-medium wp-image-3648\" alt=\"champ de betterave\" srcset=\"https:\/\/i0.wp.com\/normandiemaine.cerfrance.fr\/arad2\/wp-content\/uploads\/sites\/3\/2024\/05\/betterave.png?w=618&amp;ssl=1 618w, https:\/\/i0.wp.com\/normandiemaine.cerfrance.fr\/arad2\/wp-content\/uploads\/sites\/3\/2024\/05\/betterave.png?resize=300%2C197&amp;ssl=1 300w\" sizes=\"(max-width: 300px) 100vw, 300px\" \/><\/div><\/a>\n\t\t\t\t<div class=\"elementor-post__badge\">Prot\u00e9ger les cultures<\/div>\n\t\t\t\t<div class=\"elementor-post__avatar\">\n\t\t\t<img alt='adeline' src='https:\/\/secure.gravatar.com\/avatar\/8fe9a4af3784fb8d86eb3160163829bc204588912fe300037ac13ab967297da0?s=128&#038;d=mm&#038;r=g' srcset='https:\/\/secure.gravatar.com\/avatar\/8fe9a4af3784fb8d86eb3160163829bc204588912fe300037ac13ab967297da0?s=256&#038;d=mm&#038;r=g 2x' class='avatar avatar-128 photo' height='128' width='128' \/>\t\t<\/div>\n\t\t\t\t<div class=\"elementor-post__text\">\n\t\t\t\t<h3 class=\"elementor-post__title\">\n\t\t\t<a href=\"https:\/\/normandiemaine.cerfrance.fr\/arad2\/jaunisse-de-la-betterave-et-plantes-compagnes\/\" >\n\t\t\t\tJaunisse de la betterave et plantes compagnes\t\t\t<\/a>\n\t\t<\/h3>\n\t\t\t\t<div class=\"elementor-post__excerpt\">\n\t\t\t<p>R\u00e9duire les sympt\u00f4mes de la jaunisse de la betterave gr\u00e2ce aux plantes compagnes<\/p>\n\t\t<\/div>\n\t\t\n\t\t<a class=\"elementor-post__read-more\" href=\"https:\/\/normandiemaine.cerfrance.fr\/arad2\/jaunisse-de-la-betterave-et-plantes-compagnes\/\" aria-label=\"En savoir plus sur Jaunisse de la betterave et plantes compagnes\" tabindex=\"-1\" >\n\t\t\tEn savoir plus \u00bb\t\t<\/a>\n\n\t\t\t\t<\/div>\n\t\t\t\t<div class=\"elementor-post__meta-data\">\n\t\t\t\t\t<span class=\"elementor-post-date\">\n\t\t\t22 mai 2024\t\t<\/span>\n\t\t\t\t<\/div>\n\t\t\t\t\t<\/div>\n\t\t<\/article>\n\t\t\t\t<article class=\"elementor-post elementor-grid-item post-3607 post type-post status-publish format-standard has-post-thumbnail hentry category-gestion-des-sols category-mieux-connaitre-ses-sols tag-agroecologie tag-agronomie tag-fertilite-chimique tag-sol\" role=\"listitem\">\n\t\t\t<div class=\"elementor-post__card\">\n\t\t\t\t<a class=\"elementor-post__thumbnail__link\" href=\"https:\/\/normandiemaine.cerfrance.fr\/arad2\/fertilite-chimique-des-sols\/\" tabindex=\"-1\" ><div class=\"elementor-post__thumbnail\"><img loading=\"lazy\" decoding=\"async\" width=\"300\" height=\"183\" src=\"https:\/\/i0.wp.com\/normandiemaine.cerfrance.fr\/arad2\/wp-content\/uploads\/sites\/3\/2024\/05\/Evolution-fertilite-chimique-sols.png?fit=300%2C183&amp;ssl=1\" class=\"attachment-medium size-medium wp-image-3624\" alt=\"Evolution fertilit\u00e9 chimique sols\" srcset=\"https:\/\/i0.wp.com\/normandiemaine.cerfrance.fr\/arad2\/wp-content\/uploads\/sites\/3\/2024\/05\/Evolution-fertilite-chimique-sols.png?w=597&amp;ssl=1 597w, https:\/\/i0.wp.com\/normandiemaine.cerfrance.fr\/arad2\/wp-content\/uploads\/sites\/3\/2024\/05\/Evolution-fertilite-chimique-sols.png?resize=300%2C183&amp;ssl=1 300w\" sizes=\"(max-width: 300px) 100vw, 300px\" \/><\/div><\/a>\n\t\t\t\t<div class=\"elementor-post__badge\">Gestion des sols<\/div>\n\t\t\t\t<div class=\"elementor-post__avatar\">\n\t\t\t<img alt='adeline' src='https:\/\/secure.gravatar.com\/avatar\/8fe9a4af3784fb8d86eb3160163829bc204588912fe300037ac13ab967297da0?s=128&#038;d=mm&#038;r=g' srcset='https:\/\/secure.gravatar.com\/avatar\/8fe9a4af3784fb8d86eb3160163829bc204588912fe300037ac13ab967297da0?s=256&#038;d=mm&#038;r=g 2x' class='avatar avatar-128 photo' height='128' width='128' \/>\t\t<\/div>\n\t\t\t\t<div class=\"elementor-post__text\">\n\t\t\t\t<h3 class=\"elementor-post__title\">\n\t\t\t<a href=\"https:\/\/normandiemaine.cerfrance.fr\/arad2\/fertilite-chimique-des-sols\/\" >\n\t\t\t\tFertilit\u00e9 chimique des sols\t\t\t<\/a>\n\t\t<\/h3>\n\t\t\t\t<div class=\"elementor-post__excerpt\">\n\t\t\t<p>Des \u00e9volutions de fertilit\u00e9 chimique des sols fran\u00e7ais mises en \u00e9vidence par les analyses de terre entre 2003 et 2020\u00a0<\/p>\n\t\t<\/div>\n\t\t\n\t\t<a class=\"elementor-post__read-more\" href=\"https:\/\/normandiemaine.cerfrance.fr\/arad2\/fertilite-chimique-des-sols\/\" aria-label=\"En savoir plus sur Fertilit\u00e9 chimique des sols\" tabindex=\"-1\" >\n\t\t\tEn savoir plus \u00bb\t\t<\/a>\n\n\t\t\t\t<\/div>\n\t\t\t\t<div class=\"elementor-post__meta-data\">\n\t\t\t\t\t<span class=\"elementor-post-date\">\n\t\t\t16 mai 2024\t\t<\/span>\n\t\t\t\t<\/div>\n\t\t\t\t\t<\/div>\n\t\t<\/article>\n\t\t\t\t<article class=\"elementor-post elementor-grid-item post-3572 post type-post status-publish format-standard has-post-thumbnail hentry category-proteger-les-cultures category-reductions-dintrants-en-cultures-et-en-elevage tag-agroecologie tag-agronomie tag-metabolites tag-plantes\" role=\"listitem\">\n\t\t\t<div class=\"elementor-post__card\">\n\t\t\t\t<a class=\"elementor-post__thumbnail__link\" href=\"https:\/\/normandiemaine.cerfrance.fr\/arad2\/metabolites-specialises-des-plantes\/\" tabindex=\"-1\" ><div class=\"elementor-post__thumbnail\"><img loading=\"lazy\" decoding=\"async\" width=\"300\" height=\"300\" src=\"https:\/\/i0.wp.com\/normandiemaine.cerfrance.fr\/arad2\/wp-content\/uploads\/sites\/3\/2024\/05\/Image-pour-mailing-Brevo-17.png?fit=300%2C300&amp;ssl=1\" class=\"attachment-medium size-medium wp-image-3597\" alt=\"\" srcset=\"https:\/\/i0.wp.com\/normandiemaine.cerfrance.fr\/arad2\/wp-content\/uploads\/sites\/3\/2024\/05\/Image-pour-mailing-Brevo-17.png?w=300&amp;ssl=1 300w, https:\/\/i0.wp.com\/normandiemaine.cerfrance.fr\/arad2\/wp-content\/uploads\/sites\/3\/2024\/05\/Image-pour-mailing-Brevo-17.png?resize=150%2C150&amp;ssl=1 150w\" sizes=\"(max-width: 300px) 100vw, 300px\" \/><\/div><\/a>\n\t\t\t\t<div class=\"elementor-post__badge\">Prot\u00e9ger les cultures<\/div>\n\t\t\t\t<div class=\"elementor-post__avatar\">\n\t\t\t<img alt='adeline' src='https:\/\/secure.gravatar.com\/avatar\/8fe9a4af3784fb8d86eb3160163829bc204588912fe300037ac13ab967297da0?s=128&#038;d=mm&#038;r=g' srcset='https:\/\/secure.gravatar.com\/avatar\/8fe9a4af3784fb8d86eb3160163829bc204588912fe300037ac13ab967297da0?s=256&#038;d=mm&#038;r=g 2x' class='avatar avatar-128 photo' height='128' width='128' \/>\t\t<\/div>\n\t\t\t\t<div class=\"elementor-post__text\">\n\t\t\t\t<h3 class=\"elementor-post__title\">\n\t\t\t<a href=\"https:\/\/normandiemaine.cerfrance.fr\/arad2\/metabolites-specialises-des-plantes\/\" >\n\t\t\t\tM\u00e9tabolites sp\u00e9cialis\u00e9s des plantes\t\t\t<\/a>\n\t\t<\/h3>\n\t\t\t\t<div class=\"elementor-post__excerpt\">\n\t\t\t<p>Place des m\u00e9tabolites sp\u00e9cialis\u00e9s des plantes en agriculture<\/p>\n\t\t<\/div>\n\t\t\n\t\t<a class=\"elementor-post__read-more\" href=\"https:\/\/normandiemaine.cerfrance.fr\/arad2\/metabolites-specialises-des-plantes\/\" aria-label=\"En savoir plus sur M\u00e9tabolites sp\u00e9cialis\u00e9s des plantes\" tabindex=\"-1\" >\n\t\t\tEn savoir plus \u00bb\t\t<\/a>\n\n\t\t\t\t<\/div>\n\t\t\t\t<div class=\"elementor-post__meta-data\">\n\t\t\t\t\t<span class=\"elementor-post-date\">\n\t\t\t7 mai 2024\t\t<\/span>\n\t\t\t\t<\/div>\n\t\t\t\t\t<\/div>\n\t\t<\/article>\n\t\t\t\t<\/div>\n\t\t\n\t\t\t\t\t\t<\/div>\n\t\t\t\t<\/div>\n\t\t\t\t<div class=\"elementor-element elementor-element-40bb9ea2 elementor-align-center elementor-widget elementor-widget-button\" data-id=\"40bb9ea2\" data-element_type=\"widget\" data-e-type=\"widget\" data-widget_type=\"button.default\">\n\t\t\t\t<div class=\"elementor-widget-container\">\n\t\t\t\t\t\t\t\t\t<div class=\"elementor-button-wrapper\">\n\t\t\t\t\t<a class=\"elementor-button elementor-button-link elementor-size-sm\" href=\"https:\/\/normandiemaine.cerfrance.fr\/arad2\/actualites\/\">\n\t\t\t\t\t\t<span class=\"elementor-button-content-wrapper\">\n\t\t\t\t\t\t\t\t\t<span class=\"elementor-button-text\">voir toutes les actualit\u00e9s<\/span>\n\t\t\t\t\t<\/span>\n\t\t\t\t\t<\/a>\n\t\t\t\t<\/div>\n\t\t\t\t\t\t\t\t<\/div>\n\t\t\t\t<\/div>\n\t\t\t\t\t<\/div>\n\t\t<\/div>\n\t\t\t\t\t<\/div>\n\t\t<\/section>\n\t\t\t\t<section class=\"elementor-section elementor-inner-section elementor-element elementor-element-51f91bd9 elementor-section-boxed elementor-section-height-default elementor-section-height-default\" data-id=\"51f91bd9\" data-element_type=\"section\" data-e-type=\"section\" data-settings=\"{&quot;background_background&quot;:&quot;classic&quot;}\">\n\t\t\t\t\t\t<div class=\"elementor-container elementor-column-gap-default\">\n\t\t\t\t\t<div class=\"elementor-column elementor-col-100 elementor-inner-column elementor-element elementor-element-5f6bb28b\" data-id=\"5f6bb28b\" data-element_type=\"column\" data-e-type=\"column\">\n\t\t\t<div class=\"elementor-widget-wrap elementor-element-populated\">\n\t\t\t\t\t\t<div class=\"elementor-element elementor-element-33b296dd elementor-widget elementor-widget-heading\" data-id=\"33b296dd\" data-element_type=\"widget\" data-e-type=\"widget\" data-widget_type=\"heading.default\">\n\t\t\t\t<div class=\"elementor-widget-container\">\n\t\t\t\t\t<h2 class=\"elementor-heading-title elementor-size-default\">Agenda des \u00e9v\u00e8nements \u00e0 venir<\/h2>\t\t\t\t<\/div>\n\t\t\t\t<\/div>\n\t\t\t\t\t<\/div>\n\t\t<\/div>\n\t\t\t\t\t<\/div>\n\t\t<\/section>\n\t\t\t\t<section class=\"elementor-section elementor-inner-section elementor-element elementor-element-b919b8 elementor-section-boxed elementor-section-height-default elementor-section-height-default\" data-id=\"b919b8\" data-element_type=\"section\" data-e-type=\"section\">\n\t\t\t\t\t\t<div class=\"elementor-container elementor-column-gap-default\">\n\t\t\t\t\t<div class=\"elementor-column elementor-col-100 elementor-inner-column elementor-element elementor-element-384f9ebe\" data-id=\"384f9ebe\" data-element_type=\"column\" data-e-type=\"column\">\n\t\t\t<div class=\"elementor-widget-wrap elementor-element-populated\">\n\t\t\t\t\t\t<div class=\"elementor-element elementor-element-53b34aa9 elementor-widget elementor-widget-shortcode\" data-id=\"53b34aa9\" data-element_type=\"widget\" data-e-type=\"widget\" data-widget_type=\"shortcode.default\">\n\t\t\t\t<div class=\"elementor-widget-container\">\n\t\t\t\t\t\t\t<div class=\"elementor-shortcode\"><div id=\"ect-no-events\"><p>En cours de construction<\/p><\/div><\/div>\n\t\t\t\t\t\t<\/div>\n\t\t\t\t<\/div>\n\t\t\t\t\t<\/div>\n\t\t<\/div>\n\t\t\t\t\t<\/div>\n\t\t<\/section>\n\t\t\t\t<div class=\"elementor-element elementor-element-a91b999 elementor-align-center elementor-widget elementor-widget-button\" data-id=\"a91b999\" data-element_type=\"widget\" data-e-type=\"widget\" data-widget_type=\"button.default\">\n\t\t\t\t<div class=\"elementor-widget-container\">\n\t\t\t\t\t\t\t\t\t<div class=\"elementor-button-wrapper\">\n\t\t\t\t\t<a class=\"elementor-button elementor-button-link elementor-size-sm\" href=\"https:\/\/normandiemaine.cerfrance.fr\/arad2\/agenda\">\n\t\t\t\t\t\t<span class=\"elementor-button-content-wrapper\">\n\t\t\t\t\t\t\t\t\t<span class=\"elementor-button-text\">voir tout les \u00e9v\u00e9nements<\/span>\n\t\t\t\t\t<\/span>\n\t\t\t\t\t<\/a>\n\t\t\t\t<\/div>\n\t\t\t\t\t\t\t\t<\/div>\n\t\t\t\t<\/div>\n\t\t\t\t\t<\/div>\n\t\t<\/div>\n\t\t\t\t<div class=\"elementor-column elementor-col-50 elementor-top-column elementor-element elementor-element-14a851b\" data-id=\"14a851b\" data-element_type=\"column\" data-e-type=\"column\">\n\t\t\t<div class=\"elementor-widget-wrap elementor-element-populated\">\n\t\t\t\t\t\t<div class=\"elementor-element elementor-element-6cad014b elementor-search-form--skin-classic elementor-search-form--button-type-icon elementor-search-form--icon-search elementor-widget elementor-widget-search-form\" data-id=\"6cad014b\" data-element_type=\"widget\" data-e-type=\"widget\" data-settings=\"{&quot;skin&quot;:&quot;classic&quot;}\" data-widget_type=\"search-form.default\">\n\t\t\t\t<div class=\"elementor-widget-container\">\n\t\t\t\t\t\t\t<search role=\"search\">\n\t\t\t<form class=\"elementor-search-form\" action=\"https:\/\/normandiemaine.cerfrance.fr\/arad2\" method=\"get\">\n\t\t\t\t\t\t\t\t\t\t\t\t<div class=\"elementor-search-form__container\">\n\t\t\t\t\t<label class=\"elementor-screen-only\" for=\"elementor-search-form-6cad014b\">Rechercher <\/label>\n\n\t\t\t\t\t\n\t\t\t\t\t<input id=\"elementor-search-form-6cad014b\" placeholder=\"Rechercher...\" class=\"elementor-search-form__input\" type=\"search\" name=\"s\" value=\"\">\n\t\t\t\t\t\n\t\t\t\t\t\t\t\t\t\t\t<button class=\"elementor-search-form__submit\" type=\"submit\" aria-label=\"Rechercher \">\n\t\t\t\t\t\t\t\t\t\t\t\t\t\t\t<i aria-hidden=\"true\" class=\"fas fa-search\"><\/i>\t\t\t\t\t\t\t\t\t\t\t\t\t<\/button>\n\t\t\t\t\t\n\t\t\t\t\t\t\t\t\t<\/div>\n\t\t\t<\/form>\n\t\t<\/search>\n\t\t\t\t\t\t<\/div>\n\t\t\t\t<\/div>\n\t\t\t\t<div class=\"elementor-element elementor-element-568bd5a6 elementor-widget elementor-widget-heading\" data-id=\"568bd5a6\" data-element_type=\"widget\" data-e-type=\"widget\" data-widget_type=\"heading.default\">\n\t\t\t\t<div class=\"elementor-widget-container\">\n\t\t\t\t\t<h3 class=\"elementor-heading-title elementor-size-default\">Le chiffre du mois<\/h3>\t\t\t\t<\/div>\n\t\t\t\t<\/div>\n\t\t\t\t<div class=\"elementor-element elementor-element-578ed07e elementor-widget elementor-widget-counter\" data-id=\"578ed07e\" data-element_type=\"widget\" data-e-type=\"widget\" data-widget_type=\"counter.default\">\n\t\t\t\t<div class=\"elementor-widget-container\">\n\t\t\t\t\t\t\t<div class=\"elementor-counter\">\n\t\t\t<div class=\"elementor-counter-title\">Publications sur l'agriculture bio <\/div>\t\t\t<div class=\"elementor-counter-number-wrapper\">\n\t\t\t\t<span class=\"elementor-counter-number-prefix\"><\/span>\n\t\t\t\t<span class=\"elementor-counter-number\" data-duration=\"1500\" data-to-value=\"150000\" data-from-value=\"8000\">8000<\/span>\n\t\t\t\t<span class=\"elementor-counter-number-suffix\"><\/span>\n\t\t\t<\/div>\n\t\t<\/div>\n\t\t\t\t\t\t<\/div>\n\t\t\t\t<\/div>\n\t\t\t\t<div class=\"elementor-element elementor-element-211592f1 elementor-widget elementor-widget-heading\" data-id=\"211592f1\" data-element_type=\"widget\" data-e-type=\"widget\" data-widget_type=\"heading.default\">\n\t\t\t\t<div class=\"elementor-widget-container\">\n\t\t\t\t\t<h3 class=\"elementor-heading-title elementor-size-default\">Agenda des \u00e9v\u00e8nements<\/h3>\t\t\t\t<\/div>\n\t\t\t\t<\/div>\n\t\t\t\t<div class=\"elementor-element elementor-element-41f5c27 elementor-widget elementor-widget-global elementor-global-245 elementor-widget-shortcode\" data-id=\"41f5c27\" data-element_type=\"widget\" data-e-type=\"widget\" data-widget_type=\"shortcode.default\">\n\t\t\t\t<div class=\"elementor-widget-container\">\n\t\t\t\t\t\t\t<div class=\"elementor-shortcode\"><div id=\"ect-no-events\"><p>En cours de construction<\/p><\/div><\/div>\n\t\t\t\t\t\t<\/div>\n\t\t\t\t<\/div>\n\t\t\t\t<div class=\"elementor-element elementor-element-582c09fb elementor-widget elementor-widget-heading\" data-id=\"582c09fb\" data-element_type=\"widget\" data-e-type=\"widget\" data-widget_type=\"heading.default\">\n\t\t\t\t<div class=\"elementor-widget-container\">\n\t\t\t\t\t<h3 class=\"elementor-heading-title elementor-size-default\">Derni\u00e8res publications<\/h3>\t\t\t\t<\/div>\n\t\t\t\t<\/div>\n\t\t\t\t<div class=\"elementor-element elementor-element-0c1be0b elementor-grid-1 elementor-grid-tablet-2 elementor-grid-mobile-1 elementor-posts--thumbnail-top elementor-widget elementor-widget-global elementor-global-179 elementor-widget-posts\" data-id=\"0c1be0b\" data-element_type=\"widget\" data-e-type=\"widget\" data-settings=\"{&quot;classic_columns&quot;:&quot;1&quot;,&quot;classic_columns_tablet&quot;:&quot;2&quot;,&quot;classic_columns_mobile&quot;:&quot;1&quot;,&quot;classic_row_gap&quot;:{&quot;unit&quot;:&quot;px&quot;,&quot;size&quot;:35,&quot;sizes&quot;:[]},&quot;classic_row_gap_tablet&quot;:{&quot;unit&quot;:&quot;px&quot;,&quot;size&quot;:&quot;&quot;,&quot;sizes&quot;:[]},&quot;classic_row_gap_mobile&quot;:{&quot;unit&quot;:&quot;px&quot;,&quot;size&quot;:&quot;&quot;,&quot;sizes&quot;:[]}}\" data-widget_type=\"posts.classic\">\n\t\t\t\t<div class=\"elementor-widget-container\">\n\t\t\t\t\t\t\t<div class=\"elementor-posts-container elementor-posts elementor-posts--skin-classic elementor-grid\" role=\"list\">\n\t\t\t\t<article class=\"elementor-post elementor-grid-item post-3679 post type-post status-publish format-standard has-post-thumbnail hentry category-changement-climatique category-evaluer-et-attenuer-les-impacts-sur-lagriculture tag-agroecologie tag-changement-climatique tag-plantes tag-sol\" role=\"listitem\">\n\t\t\t\t<a class=\"elementor-post__thumbnail__link\" href=\"https:\/\/normandiemaine.cerfrance.fr\/arad2\/plantes-sol-eau-et-climat\/\" tabindex=\"-1\" target=&quot;_blank&quot;>\n\t\t\t<div class=\"elementor-post__thumbnail\"><img fetchpriority=\"high\" decoding=\"async\" width=\"300\" height=\"196\" src=\"https:\/\/i0.wp.com\/normandiemaine.cerfrance.fr\/arad2\/wp-content\/uploads\/sites\/3\/2024\/06\/sol-plante-et-eau.png?fit=300%2C196&amp;ssl=1\" class=\"attachment-medium size-medium wp-image-3688\" alt=\"\" srcset=\"https:\/\/i0.wp.com\/normandiemaine.cerfrance.fr\/arad2\/wp-content\/uploads\/sites\/3\/2024\/06\/sol-plante-et-eau.png?w=514&amp;ssl=1 514w, https:\/\/i0.wp.com\/normandiemaine.cerfrance.fr\/arad2\/wp-content\/uploads\/sites\/3\/2024\/06\/sol-plante-et-eau.png?resize=300%2C196&amp;ssl=1 300w\" sizes=\"(max-width: 300px) 100vw, 300px\" \/><\/div>\n\t\t<\/a>\n\t\t\t\t<div class=\"elementor-post__text\">\n\t\t\t\t<h3 class=\"elementor-post__title\">\n\t\t\t<a href=\"https:\/\/normandiemaine.cerfrance.fr\/arad2\/plantes-sol-eau-et-climat\/\" target=&quot;_blank&quot;>\n\t\t\t\tPlantes, sol, eau et climat\t\t\t<\/a>\n\t\t<\/h3>\n\t\t\t\t<div class=\"elementor-post__meta-data\">\n\t\t\t\t\t<span class=\"elementor-post-date\">\n\t\t\t19 juin 2024\t\t<\/span>\n\t\t\t\t<\/div>\n\t\t\t\t<div class=\"elementor-post__excerpt\">\n\t\t\t<p>Travailler avec les plantes, le sol et l&rsquo;eau pour refroidir le climat D\u00e9couvrez l&rsquo;importance des plantes et du sol dans le cycle de l&rsquo;eau et la r\u00e9gulation du climat. La destruction continue des for\u00eats, la d\u00e9t\u00e9rioration des sols, la perte subs\u00e9quente du stockage de l\u2018eau dans les sols et la<\/p>\n\t\t<\/div>\n\t\t\t\t\t<div class=\"elementor-post__read-more-wrapper\">\n\t\t\n\t\t<a class=\"elementor-post__read-more\" href=\"https:\/\/normandiemaine.cerfrance.fr\/arad2\/plantes-sol-eau-et-climat\/\" aria-label=\"En savoir plus sur Plantes, sol, eau et climat\" tabindex=\"-1\" target=\"_blank\">\n\t\t\tLire la suite \u00bb\t\t<\/a>\n\n\t\t\t\t\t<\/div>\n\t\t\t\t<\/div>\n\t\t\t\t<\/article>\n\t\t\t\t<article class=\"elementor-post elementor-grid-item post-3692 post type-post status-publish format-standard has-post-thumbnail hentry category-changement-climatique tag-agronomie tag-carbone tag-exploitation tag-label-bas-carbone\" role=\"listitem\">\n\t\t\t\t<a class=\"elementor-post__thumbnail__link\" href=\"https:\/\/normandiemaine.cerfrance.fr\/arad2\/decarbonation-des-entreprises\/\" tabindex=\"-1\" target=&quot;_blank&quot;>\n\t\t\t<div class=\"elementor-post__thumbnail\"><img decoding=\"async\" width=\"300\" height=\"300\" src=\"https:\/\/i0.wp.com\/normandiemaine.cerfrance.fr\/arad2\/wp-content\/uploads\/sites\/3\/2024\/06\/lable-bas-carbone-cerfrance-energie.png?fit=300%2C300&amp;ssl=1\" class=\"attachment-medium size-medium wp-image-3694\" alt=\"label bas carbone cerfrance energie\" srcset=\"https:\/\/i0.wp.com\/normandiemaine.cerfrance.fr\/arad2\/wp-content\/uploads\/sites\/3\/2024\/06\/lable-bas-carbone-cerfrance-energie.png?w=300&amp;ssl=1 300w, https:\/\/i0.wp.com\/normandiemaine.cerfrance.fr\/arad2\/wp-content\/uploads\/sites\/3\/2024\/06\/lable-bas-carbone-cerfrance-energie.png?resize=150%2C150&amp;ssl=1 150w\" sizes=\"(max-width: 300px) 100vw, 300px\" \/><\/div>\n\t\t<\/a>\n\t\t\t\t<div class=\"elementor-post__text\">\n\t\t\t\t<h3 class=\"elementor-post__title\">\n\t\t\t<a href=\"https:\/\/normandiemaine.cerfrance.fr\/arad2\/decarbonation-des-entreprises\/\" target=&quot;_blank&quot;>\n\t\t\t\tD\u00e9carbonation des entreprises\u00a0\t\t\t<\/a>\n\t\t<\/h3>\n\t\t\t\t<div class=\"elementor-post__meta-data\">\n\t\t\t\t\t<span class=\"elementor-post-date\">\n\t\t\t19 juin 2024\t\t<\/span>\n\t\t\t\t<\/div>\n\t\t\t\t<div class=\"elementor-post__excerpt\">\n\t\t\t<p>Cerfrance Energie a pour objectifs de vulgariser les \u00e9nergies renouvelables et d&rsquo;accompagner les entreprises vers la d\u00e9carbonation. <\/p>\t\t<\/div>\n\t\t\t\t\t<div class=\"elementor-post__read-more-wrapper\">\n\t\t\n\t\t<a class=\"elementor-post__read-more\" href=\"https:\/\/normandiemaine.cerfrance.fr\/arad2\/decarbonation-des-entreprises\/\" aria-label=\"En savoir plus sur D\u00e9carbonation des entreprises\u00a0\" tabindex=\"-1\" target=\"_blank\">\n\t\t\tLire la suite \u00bb\t\t<\/a>\n\n\t\t\t\t\t<\/div>\n\t\t\t\t<\/div>\n\t\t\t\t<\/article>\n\t\t\t\t<article class=\"elementor-post elementor-grid-item post-3653 post type-post status-publish format-standard has-post-thumbnail hentry category-agroecologie tag-agroecologie tag-bien-etre-animal tag-elevage tag-qualite-des-produits\" role=\"listitem\">\n\t\t\t\t<a class=\"elementor-post__thumbnail__link\" href=\"https:\/\/normandiemaine.cerfrance.fr\/arad2\/qualite-des-produits-et-pratiques-delevage\/\" tabindex=\"-1\" target=&quot;_blank&quot;>\n\t\t\t<div class=\"elementor-post__thumbnail\"><img decoding=\"async\" width=\"300\" height=\"214\" src=\"https:\/\/i0.wp.com\/normandiemaine.cerfrance.fr\/arad2\/wp-content\/uploads\/sites\/3\/2024\/05\/produits-issus-delevage.png?fit=300%2C214&amp;ssl=1\" class=\"attachment-medium size-medium wp-image-3666\" alt=\"produits issus d&#039;\u00e9levage\" srcset=\"https:\/\/i0.wp.com\/normandiemaine.cerfrance.fr\/arad2\/wp-content\/uploads\/sites\/3\/2024\/05\/produits-issus-delevage.png?w=602&amp;ssl=1 602w, https:\/\/i0.wp.com\/normandiemaine.cerfrance.fr\/arad2\/wp-content\/uploads\/sites\/3\/2024\/05\/produits-issus-delevage.png?resize=300%2C214&amp;ssl=1 300w\" sizes=\"(max-width: 300px) 100vw, 300px\" \/><\/div>\n\t\t<\/a>\n\t\t\t\t<div class=\"elementor-post__text\">\n\t\t\t\t<h3 class=\"elementor-post__title\">\n\t\t\t<a href=\"https:\/\/normandiemaine.cerfrance.fr\/arad2\/qualite-des-produits-et-pratiques-delevage\/\" target=&quot;_blank&quot;>\n\t\t\t\tQualit\u00e9 des produits et pratiques d&rsquo;\u00e9levage\t\t\t<\/a>\n\t\t<\/h3>\n\t\t\t\t<div class=\"elementor-post__meta-data\">\n\t\t\t\t\t<span class=\"elementor-post-date\">\n\t\t\t29 mai 2024\t\t<\/span>\n\t\t\t\t<\/div>\n\t\t\t\t<div class=\"elementor-post__excerpt\">\n\t\t\t<p>Impact des pratiques d&rsquo;\u00e9levage sur la qualit\u00e9 des produits animaux<\/p>\t\t<\/div>\n\t\t\t\t\t<div class=\"elementor-post__read-more-wrapper\">\n\t\t\n\t\t<a class=\"elementor-post__read-more\" href=\"https:\/\/normandiemaine.cerfrance.fr\/arad2\/qualite-des-produits-et-pratiques-delevage\/\" aria-label=\"En savoir plus sur Qualit\u00e9 des produits et pratiques d&rsquo;\u00e9levage\" tabindex=\"-1\" target=\"_blank\">\n\t\t\tLire la suite \u00bb\t\t<\/a>\n\n\t\t\t\t\t<\/div>\n\t\t\t\t<\/div>\n\t\t\t\t<\/article>\n\t\t\t\t<\/div>\n\t\t\n\t\t\t\t\t\t<\/div>\n\t\t\t\t<\/div>\n\t\t\t\t\t<\/div>\n\t\t<\/div>\n\t\t\t\t\t<\/div>\n\t\t<\/section>\n\t\t\t\t<\/div>\n\t\t","protected":false},"excerpt":{"rendered":"<p>Actualit\u00e9s voir toutes les actualit\u00e9s Agenda des \u00e9v\u00e8nements \u00e0 venir voir tout les \u00e9v\u00e9nements Le chiffre du mois 8000 Publications sur l&rsquo;agriculture bio Agenda des \u00e9v\u00e8nements Derni\u00e8res publications<\/p>\n","protected":false},"author":1,"featured_media":1622,"parent":0,"menu_order":0,"comment_status":"closed","ping_status":"closed","template":"","meta":{"site-sidebar-layout":"no-sidebar","site-content-layout":"page-builder","ast-site-content-layout":"default","site-content-style":"default","site-sidebar-style":"default","ast-global-header-display":"","ast-banner-title-visibility":"","ast-main-header-display":"","ast-hfb-above-header-display":"","ast-hfb-below-header-display":"","ast-hfb-mobile-header-display":"","site-post-title":"disabled","ast-breadcrumbs-content":"","ast-featured-img":"disabled","footer-sml-layout":"","ast-disable-related-posts":"","theme-transparent-header-meta":"default","adv-header-id-meta":"","stick-header-meta":"","header-above-stick-meta":"","header-main-stick-meta":"","header-below-stick-meta":"","astra-migrate-meta-layouts":"default","ast-page-background-enabled":"default","ast-page-background-meta":{"desktop":{"background-color":"var(--ast-global-color-4)","background-image":"","background-repeat":"repeat","background-position":"center center","background-size":"auto","background-attachment":"scroll","background-type":"","background-media":"","overlay-type":"","overlay-color":"","overlay-opacity":"","overlay-gradient":""},"tablet":{"background-color":"","background-image":"","background-repeat":"repeat","background-position":"center center","background-size":"auto","background-attachment":"scroll","background-type":"","background-media":"","overlay-type":"","overlay-color":"","overlay-opacity":"","overlay-gradient":""},"mobile":{"background-color":"","background-image":"","background-repeat":"repeat","background-position":"center center","background-size":"auto","background-attachment":"scroll","background-type":"","background-media":"","overlay-type":"","overlay-color":"","overlay-opacity":"","overlay-gradient":""}},"ast-content-background-meta":{"desktop":{"background-color":"var(--ast-global-color-5)","background-image":"","background-repeat":"repeat","background-position":"center center","background-size":"auto","background-attachment":"scroll","background-type":"","background-media":"","overlay-type":"","overlay-color":"","overlay-opacity":"","overlay-gradient":""},"tablet":{"background-color":"var(--ast-global-color-5)","background-image":"","background-repeat":"repeat","background-position":"center center","background-size":"auto","background-attachment":"scroll","background-type":"","background-media":"","overlay-type":"","overlay-color":"","overlay-opacity":"","overlay-gradient":""},"mobile":{"background-color":"var(--ast-global-color-5)","background-image":"","background-repeat":"repeat","background-position":"center center","background-size":"auto","background-attachment":"scroll","background-type":"","background-media":"","overlay-type":"","overlay-color":"","overlay-opacity":"","overlay-gradient":""}},"footnotes":""},"class_list":["post-94","page","type-page","status-publish","has-post-thumbnail","hentry"],"yoast_head":"<!-- This site is optimized with the Yoast SEO plugin v27.5 - https:\/\/yoast.com\/product\/yoast-seo-wordpress\/ -->\n<title>Actualit\u00e9s\/Agenda - L&#039;ARAD2<\/title>\n<meta name=\"description\" content=\"Retrouvez l&#039;ensemble des animations sur le terrain propos\u00e9s par l&#039;ARAD2 et la pr\u00e9sence des \u00e9quipes \u00e0 des colloques\" \/>\n<meta name=\"robots\" content=\"index, follow, max-snippet:-1, max-image-preview:large, max-video-preview:-1\" \/>\n<link rel=\"canonical\" href=\"https:\/\/normandiemaine.cerfrance.fr\/arad2\/actualites-agenda\/\" \/>\n<meta property=\"og:locale\" content=\"fr_FR\" \/>\n<meta property=\"og:type\" content=\"article\" \/>\n<meta property=\"og:title\" content=\"ARAD2 - Sur le terrain\" \/>\n<meta property=\"og:description\" content=\"Retrouvez l&#039;ensemble des animations sur le terrain propos\u00e9s par l&#039;ARAD2 et la pr\u00e9sence des \u00e9quipes \u00e0 des colloques\" \/>\n<meta property=\"og:url\" content=\"https:\/\/normandiemaine.cerfrance.fr\/arad2\/actualites-agenda\/\" \/>\n<meta property=\"og:site_name\" content=\"L&#039;ARAD2\" \/>\n<meta property=\"article:modified_time\" content=\"2023-02-10T12:31:28+00:00\" \/>\n<meta property=\"og:image\" content=\"https:\/\/normandiemaine.cerfrance.fr\/arad2\/wp-content\/uploads\/sites\/3\/2022\/04\/Sans-titre-1.png\" \/>\n\t<meta property=\"og:image:width\" content=\"200\" \/>\n\t<meta property=\"og:image:height\" content=\"200\" \/>\n\t<meta property=\"og:image:type\" content=\"image\/png\" \/>\n<meta name=\"twitter:card\" content=\"summary_large_image\" \/>\n<meta name=\"twitter:title\" content=\"ARAD2 - Sur le terrain\" \/>\n<meta name=\"twitter:description\" content=\"Retrouvez l&#039;ensemble des animations sur le terrain propos\u00e9s par l&#039;ARAD2 et la pr\u00e9sence des \u00e9quipes \u00e0 des colloques\" \/>\n<meta name=\"twitter:image\" content=\"https:\/\/i0.wp.com\/normandiemaine.cerfrance.fr\/arad2\/wp-content\/uploads\/sites\/3\/2022\/04\/Sans-titre-1.png?fit=200%2C200&ssl=1\" \/>\n<meta name=\"twitter:label1\" content=\"Dur\u00e9e de lecture estim\u00e9e\" \/>\n\t<meta name=\"twitter:data1\" content=\"1 minute\" \/>\n<script type=\"application\/ld+json\" class=\"yoast-schema-graph\">{\"@context\":\"https:\\\/\\\/schema.org\",\"@graph\":[{\"@type\":\"WebPage\",\"@id\":\"https:\\\/\\\/normandiemaine.cerfrance.fr\\\/arad2\\\/actualites-agenda\\\/\",\"url\":\"https:\\\/\\\/normandiemaine.cerfrance.fr\\\/arad2\\\/actualites-agenda\\\/\",\"name\":\"Actualit\u00e9s\\\/Agenda - L&#039;ARAD2\",\"isPartOf\":{\"@id\":\"https:\\\/\\\/normandiemaine.cerfrance.fr\\\/arad2\\\/#website\"},\"primaryImageOfPage\":{\"@id\":\"https:\\\/\\\/normandiemaine.cerfrance.fr\\\/arad2\\\/actualites-agenda\\\/#primaryimage\"},\"image\":{\"@id\":\"https:\\\/\\\/normandiemaine.cerfrance.fr\\\/arad2\\\/actualites-agenda\\\/#primaryimage\"},\"thumbnailUrl\":\"https:\\\/\\\/i0.wp.com\\\/normandiemaine.cerfrance.fr\\\/arad2\\\/wp-content\\\/uploads\\\/sites\\\/3\\\/2022\\\/04\\\/Sans-titre-1.png?fit=200%2C200&ssl=1\",\"datePublished\":\"2020-10-14T12:38:37+00:00\",\"dateModified\":\"2023-02-10T12:31:28+00:00\",\"description\":\"Retrouvez l'ensemble des animations sur le terrain propos\u00e9s par l'ARAD2 et la pr\u00e9sence des \u00e9quipes \u00e0 des colloques\",\"breadcrumb\":{\"@id\":\"https:\\\/\\\/normandiemaine.cerfrance.fr\\\/arad2\\\/actualites-agenda\\\/#breadcrumb\"},\"inLanguage\":\"fr-FR\",\"potentialAction\":[{\"@type\":\"ReadAction\",\"target\":[\"https:\\\/\\\/normandiemaine.cerfrance.fr\\\/arad2\\\/actualites-agenda\\\/\"]}]},{\"@type\":\"ImageObject\",\"inLanguage\":\"fr-FR\",\"@id\":\"https:\\\/\\\/normandiemaine.cerfrance.fr\\\/arad2\\\/actualites-agenda\\\/#primaryimage\",\"url\":\"https:\\\/\\\/i0.wp.com\\\/normandiemaine.cerfrance.fr\\\/arad2\\\/wp-content\\\/uploads\\\/sites\\\/3\\\/2022\\\/04\\\/Sans-titre-1.png?fit=200%2C200&ssl=1\",\"contentUrl\":\"https:\\\/\\\/i0.wp.com\\\/normandiemaine.cerfrance.fr\\\/arad2\\\/wp-content\\\/uploads\\\/sites\\\/3\\\/2022\\\/04\\\/Sans-titre-1.png?fit=200%2C200&ssl=1\",\"width\":200,\"height\":200,\"caption\":\"Logo ARAD2 Cerfrance\"},{\"@type\":\"BreadcrumbList\",\"@id\":\"https:\\\/\\\/normandiemaine.cerfrance.fr\\\/arad2\\\/actualites-agenda\\\/#breadcrumb\",\"itemListElement\":[{\"@type\":\"ListItem\",\"position\":1,\"name\":\"Accueil\",\"item\":\"https:\\\/\\\/normandiemaine.cerfrance.fr\\\/arad2\\\/\"},{\"@type\":\"ListItem\",\"position\":2,\"name\":\"Actualit\u00e9s\\\/Agenda\"}]},{\"@type\":\"WebSite\",\"@id\":\"https:\\\/\\\/normandiemaine.cerfrance.fr\\\/arad2\\\/#website\",\"url\":\"https:\\\/\\\/normandiemaine.cerfrance.fr\\\/arad2\\\/\",\"name\":\"L&#039;ARAD2\",\"description\":\"\",\"publisher\":{\"@id\":\"https:\\\/\\\/normandiemaine.cerfrance.fr\\\/arad2\\\/#organization\"},\"potentialAction\":[{\"@type\":\"SearchAction\",\"target\":{\"@type\":\"EntryPoint\",\"urlTemplate\":\"https:\\\/\\\/normandiemaine.cerfrance.fr\\\/arad2\\\/?s={search_term_string}\"},\"query-input\":{\"@type\":\"PropertyValueSpecification\",\"valueRequired\":true,\"valueName\":\"search_term_string\"}}],\"inLanguage\":\"fr-FR\"},{\"@type\":\"Organization\",\"@id\":\"https:\\\/\\\/normandiemaine.cerfrance.fr\\\/arad2\\\/#organization\",\"name\":\"L&#039;ARAD2\",\"url\":\"https:\\\/\\\/normandiemaine.cerfrance.fr\\\/arad2\\\/\",\"logo\":{\"@type\":\"ImageObject\",\"inLanguage\":\"fr-FR\",\"@id\":\"https:\\\/\\\/normandiemaine.cerfrance.fr\\\/arad2\\\/#\\\/schema\\\/logo\\\/image\\\/\",\"url\":\"https:\\\/\\\/i0.wp.com\\\/normandiemaine.cerfrance.fr\\\/arad2\\\/wp-content\\\/uploads\\\/sites\\\/3\\\/2020\\\/10\\\/Logo-arad2.png?fit=400%2C223&ssl=1\",\"contentUrl\":\"https:\\\/\\\/i0.wp.com\\\/normandiemaine.cerfrance.fr\\\/arad2\\\/wp-content\\\/uploads\\\/sites\\\/3\\\/2020\\\/10\\\/Logo-arad2.png?fit=400%2C223&ssl=1\",\"width\":400,\"height\":223,\"caption\":\"L&#039;ARAD2\"},\"image\":{\"@id\":\"https:\\\/\\\/normandiemaine.cerfrance.fr\\\/arad2\\\/#\\\/schema\\\/logo\\\/image\\\/\"}}]}<\/script>\n<!-- \/ Yoast SEO plugin. -->","yoast_head_json":{"title":"Actualit\u00e9s\/Agenda - L&#039;ARAD2","description":"Retrouvez l'ensemble des animations sur le terrain propos\u00e9s par l'ARAD2 et la pr\u00e9sence des \u00e9quipes \u00e0 des colloques","robots":{"index":"index","follow":"follow","max-snippet":"max-snippet:-1","max-image-preview":"max-image-preview:large","max-video-preview":"max-video-preview:-1"},"canonical":"https:\/\/normandiemaine.cerfrance.fr\/arad2\/actualites-agenda\/","og_locale":"fr_FR","og_type":"article","og_title":"ARAD2 - Sur le terrain","og_description":"Retrouvez l'ensemble des animations sur le terrain propos\u00e9s par l'ARAD2 et la pr\u00e9sence des \u00e9quipes \u00e0 des colloques","og_url":"https:\/\/normandiemaine.cerfrance.fr\/arad2\/actualites-agenda\/","og_site_name":"L&#039;ARAD2","article_modified_time":"2023-02-10T12:31:28+00:00","og_image":[{"width":200,"height":200,"url":"https:\/\/normandiemaine.cerfrance.fr\/arad2\/wp-content\/uploads\/sites\/3\/2022\/04\/Sans-titre-1.png","type":"image\/png"}],"twitter_card":"summary_large_image","twitter_title":"ARAD2 - Sur le terrain","twitter_description":"Retrouvez l'ensemble des animations sur le terrain propos\u00e9s par l'ARAD2 et la pr\u00e9sence des \u00e9quipes \u00e0 des colloques","twitter_image":"https:\/\/i0.wp.com\/normandiemaine.cerfrance.fr\/arad2\/wp-content\/uploads\/sites\/3\/2022\/04\/Sans-titre-1.png?fit=200%2C200&ssl=1","twitter_misc":{"Dur\u00e9e de lecture estim\u00e9e":"1 minute"},"schema":{"@context":"https:\/\/schema.org","@graph":[{"@type":"WebPage","@id":"https:\/\/normandiemaine.cerfrance.fr\/arad2\/actualites-agenda\/","url":"https:\/\/normandiemaine.cerfrance.fr\/arad2\/actualites-agenda\/","name":"Actualit\u00e9s\/Agenda - L&#039;ARAD2","isPartOf":{"@id":"https:\/\/normandiemaine.cerfrance.fr\/arad2\/#website"},"primaryImageOfPage":{"@id":"https:\/\/normandiemaine.cerfrance.fr\/arad2\/actualites-agenda\/#primaryimage"},"image":{"@id":"https:\/\/normandiemaine.cerfrance.fr\/arad2\/actualites-agenda\/#primaryimage"},"thumbnailUrl":"https:\/\/i0.wp.com\/normandiemaine.cerfrance.fr\/arad2\/wp-content\/uploads\/sites\/3\/2022\/04\/Sans-titre-1.png?fit=200%2C200&ssl=1","datePublished":"2020-10-14T12:38:37+00:00","dateModified":"2023-02-10T12:31:28+00:00","description":"Retrouvez l'ensemble des animations sur le terrain propos\u00e9s par l'ARAD2 et la pr\u00e9sence des \u00e9quipes \u00e0 des colloques","breadcrumb":{"@id":"https:\/\/normandiemaine.cerfrance.fr\/arad2\/actualites-agenda\/#breadcrumb"},"inLanguage":"fr-FR","potentialAction":[{"@type":"ReadAction","target":["https:\/\/normandiemaine.cerfrance.fr\/arad2\/actualites-agenda\/"]}]},{"@type":"ImageObject","inLanguage":"fr-FR","@id":"https:\/\/normandiemaine.cerfrance.fr\/arad2\/actualites-agenda\/#primaryimage","url":"https:\/\/i0.wp.com\/normandiemaine.cerfrance.fr\/arad2\/wp-content\/uploads\/sites\/3\/2022\/04\/Sans-titre-1.png?fit=200%2C200&ssl=1","contentUrl":"https:\/\/i0.wp.com\/normandiemaine.cerfrance.fr\/arad2\/wp-content\/uploads\/sites\/3\/2022\/04\/Sans-titre-1.png?fit=200%2C200&ssl=1","width":200,"height":200,"caption":"Logo ARAD2 Cerfrance"},{"@type":"BreadcrumbList","@id":"https:\/\/normandiemaine.cerfrance.fr\/arad2\/actualites-agenda\/#breadcrumb","itemListElement":[{"@type":"ListItem","position":1,"name":"Accueil","item":"https:\/\/normandiemaine.cerfrance.fr\/arad2\/"},{"@type":"ListItem","position":2,"name":"Actualit\u00e9s\/Agenda"}]},{"@type":"WebSite","@id":"https:\/\/normandiemaine.cerfrance.fr\/arad2\/#website","url":"https:\/\/normandiemaine.cerfrance.fr\/arad2\/","name":"L&#039;ARAD2","description":"","publisher":{"@id":"https:\/\/normandiemaine.cerfrance.fr\/arad2\/#organization"},"potentialAction":[{"@type":"SearchAction","target":{"@type":"EntryPoint","urlTemplate":"https:\/\/normandiemaine.cerfrance.fr\/arad2\/?s={search_term_string}"},"query-input":{"@type":"PropertyValueSpecification","valueRequired":true,"valueName":"search_term_string"}}],"inLanguage":"fr-FR"},{"@type":"Organization","@id":"https:\/\/normandiemaine.cerfrance.fr\/arad2\/#organization","name":"L&#039;ARAD2","url":"https:\/\/normandiemaine.cerfrance.fr\/arad2\/","logo":{"@type":"ImageObject","inLanguage":"fr-FR","@id":"https:\/\/normandiemaine.cerfrance.fr\/arad2\/#\/schema\/logo\/image\/","url":"https:\/\/i0.wp.com\/normandiemaine.cerfrance.fr\/arad2\/wp-content\/uploads\/sites\/3\/2020\/10\/Logo-arad2.png?fit=400%2C223&ssl=1","contentUrl":"https:\/\/i0.wp.com\/normandiemaine.cerfrance.fr\/arad2\/wp-content\/uploads\/sites\/3\/2020\/10\/Logo-arad2.png?fit=400%2C223&ssl=1","width":400,"height":223,"caption":"L&#039;ARAD2"},"image":{"@id":"https:\/\/normandiemaine.cerfrance.fr\/arad2\/#\/schema\/logo\/image\/"}}]}},"jetpack-related-posts":[],"jetpack_sharing_enabled":true,"_links":{"self":[{"href":"https:\/\/normandiemaine.cerfrance.fr\/arad2\/wp-json\/wp\/v2\/pages\/94","targetHints":{"allow":["GET"]}}],"collection":[{"href":"https:\/\/normandiemaine.cerfrance.fr\/arad2\/wp-json\/wp\/v2\/pages"}],"about":[{"href":"https:\/\/normandiemaine.cerfrance.fr\/arad2\/wp-json\/wp\/v2\/types\/page"}],"author":[{"embeddable":true,"href":"https:\/\/normandiemaine.cerfrance.fr\/arad2\/wp-json\/wp\/v2\/users\/1"}],"replies":[{"embeddable":true,"href":"https:\/\/normandiemaine.cerfrance.fr\/arad2\/wp-json\/wp\/v2\/comments?post=94"}],"version-history":[{"count":11,"href":"https:\/\/normandiemaine.cerfrance.fr\/arad2\/wp-json\/wp\/v2\/pages\/94\/revisions"}],"predecessor-version":[{"id":1511,"href":"https:\/\/normandiemaine.cerfrance.fr\/arad2\/wp-json\/wp\/v2\/pages\/94\/revisions\/1511"}],"wp:featuredmedia":[{"embeddable":true,"href":"https:\/\/normandiemaine.cerfrance.fr\/arad2\/wp-json\/wp\/v2\/media\/1622"}],"wp:attachment":[{"href":"https:\/\/normandiemaine.cerfrance.fr\/arad2\/wp-json\/wp\/v2\/media?parent=94"}],"curies":[{"name":"wp","href":"https:\/\/api.w.org\/{rel}","templated":true}]}}