{"version":"1.0","provider_name":"L&#039;Atelier des \u00e9tudes \u00e9conomiques","provider_url":"https:\/\/normandiemaine.cerfrance.fr\/latelier","author_name":"Lola","author_url":"https:\/\/normandiemaine.cerfrance.fr\/latelier\/author\/lola\/","title":"Prix du lait : 425 \u00e0 460 \u20ac par 1 000 l. sur l\u2019\u00e9t\u00e9 2023","type":"rich","width":600,"height":338,"html":"<blockquote class=\"wp-embedded-content\" data-secret=\"YltfEGv72h\"><a href=\"https:\/\/normandiemaine.cerfrance.fr\/latelier\/prix-du-lait-ete-2023\/\">Prix du lait : \u00e9t\u00e9 2023<\/a><\/blockquote><iframe sandbox=\"allow-scripts\" security=\"restricted\" src=\"https:\/\/normandiemaine.cerfrance.fr\/latelier\/prix-du-lait-ete-2023\/embed\/#?secret=YltfEGv72h\" width=\"600\" height=\"338\" title=\"\u00ab\u00a0Prix du lait : \u00e9t\u00e9 2023\u00a0\u00bb &#8212; L&#039;Atelier des \u00e9tudes \u00e9conomiques\" data-secret=\"YltfEGv72h\" frameborder=\"0\" marginwidth=\"0\" marginheight=\"0\" scrolling=\"no\" class=\"wp-embedded-content\"><\/iframe><script>\n\/*! This file is auto-generated *\/\n!function(d,l){\"use strict\";l.querySelector&&d.addEventListener&&\"undefined\"!=typeof URL&&(d.wp=d.wp||{},d.wp.receiveEmbedMessage||(d.wp.receiveEmbedMessage=function(e){var t=e.data;if((t||t.secret||t.message||t.value)&&!\/[^a-zA-Z0-9]\/.test(t.secret)){for(var s,r,n,a=l.querySelectorAll('iframe[data-secret=\"'+t.secret+'\"]'),o=l.querySelectorAll('blockquote[data-secret=\"'+t.secret+'\"]'),c=new RegExp(\"^https?:$\",\"i\"),i=0;i<o.length;i++)o[i].style.display=\"none\";for(i=0;i<a.length;i++)s=a[i],e.source===s.contentWindow&&(s.removeAttribute(\"style\"),\"height\"===t.message?(1e3<(r=parseInt(t.value,10))?r=1e3:~~r<200&&(r=200),s.height=r):\"link\"===t.message&&(r=new URL(s.getAttribute(\"src\")),n=new URL(t.value),c.test(n.protocol))&&n.host===r.host&&l.activeElement===s&&(d.top.location.href=t.value))}},d.addEventListener(\"message\",d.wp.receiveEmbedMessage,!1),l.addEventListener(\"DOMContentLoaded\",function(){for(var e,t,s=l.querySelectorAll(\"iframe.wp-embedded-content\"),r=0;r<s.length;r++)(t=(e=s[r]).getAttribute(\"data-secret\"))||(t=Math.random().toString(36).substring(2,12),e.src+=\"#?secret=\"+t,e.setAttribute(\"data-secret\",t)),e.contentWindow.postMessage({message:\"ready\",secret:t},\"*\")},!1)))}(window,document);\n\/\/# sourceURL=https:\/\/normandiemaine.cerfrance.fr\/latelier\/wp-includes\/js\/wp-embed.min.js\n<\/script>\n","thumbnail_url":"https:\/\/normandiemaine.cerfrance.fr\/latelier\/wp-content\/uploads\/sites\/2\/2023\/04\/LAtelier-Publication-Facebook.jpg","thumbnail_width":940,"thumbnail_height":788,"description":"L\u2019offre de lait mondiale, limit\u00e9e en 2022, repart d\u00e9but 2023. Dans le contexte d\u2019une demande ralentie, les march\u00e9s internationaux se sont retourn\u00e9s. En France, le prix du lait devrait encore augmenter en 2023, soutenu par les march\u00e9s int\u00e9rieurs. Le cap des 450 \u20ac par 1 000 l. est en vue. Mais il sera peut-\u00eatre aussi un maximum \u2026"}